{"id":2075,"date":"2020-08-05T17:07:29","date_gmt":"2020-08-05T21:07:29","guid":{"rendered":"https:\/\/gpsites.co\/ethos\/?page_id=2075"},"modified":"2024-12-09T18:53:45","modified_gmt":"2024-12-09T18:53:45","slug":"o-kancelarii","status":"publish","type":"page","link":"https:\/\/lukaszmackiewicz.pl\/index.php\/o-kancelarii\/","title":{"rendered":"O kacelarii"},"content":{"rendered":"<div class=\"gb-container gb-container-a88881b2\">\n<div class=\"gb-container gb-container-13be9035\">\n<div class=\"gb-container gb-container-13a47694\">\n\n<h2 class=\"gb-headline gb-headline-b9d25db2 gb-headline-text\">mec. \u0141ukasz Mackiewicz<\/h2>\n\n\n\n<p class=\"gb-headline gb-headline-bcded6dd gb-headline-text\"><em><em>Specjalista PZP<\/em><\/em><\/p>\n\n\n\n<p><strong>Radca prawny specjalizuj\u0105cy si\u0119 w zam\u00f3wieniach publicznych, trener, doradca i wyk\u0142adowca studi\u00f3w podyplomowych z do\u015bwiadczeniem jako pracownik zamawiaj\u0105cego oraz kontroler zam\u00f3wie\u0144 publicznych.<\/strong><\/p>\n\n\n\n<p>Dzi\u0119ki praktyce zawodowej posiada szerok\u0105 wiedz\u0119 nie tylko z zakresu przygotowania dokumentacji przetargowych oraz prowadzenia post\u0119powa\u0144 o udzielenie zam\u00f3wienia ale r\u00f3wnie\u017c z zakresu finansowania projekt\u00f3w infrastrukturalnych i \u015brodowiskowych, jak r\u00f3wnie\u017c z zakresu odpowiedzialno\u015bci os\u00f3b na kierowniczych stanowiskach w administracji publicznej, pracownik\u00f3w zamawiaj\u0105cego oraz podmiot\u00f3w bior\u0105cych udzia\u0142 w post\u0119powaniach przetargowych. Wyst\u0119puje jako pe\u0142nomocnik wykonawc\u00f3w i zamawiaj\u0105cych w post\u0119powaniach przed s\u0105dami wszystkich instancji oraz Krajow\u0105 Izb\u0105 Odwo\u0142awcz\u0105.<\/p>\n\n\n\n<a class=\"gb-button gb-button-efa5d366\" href=\"https:\/\/www.linkedin.com\/in\/%C5%82ukasz-mackiewicz-08802799\/\" target=\"_blank\" rel=\"noopener noreferrer\"><span class=\"gb-icon\"><svg aria-hidden=\"true\" height=\"1em\" width=\"1em\" viewBox=\"0 0 448 512\" xmlns=\"http:\/\/www.w3.org\/2000\/svg\"><path fill=\"currentColor\" d=\"M100.28 448H7.4V148.9h92.88zM53.79 108.1C24.09 108.1 0 83.5 0 53.8a53.79 53.79 0 0 1 107.58 0c0 29.7-24.1 54.3-53.79 54.3zM447.9 448h-92.68V302.4c0-34.7-.7-79.2-48.29-79.2-48.29 0-55.69 37.7-55.69 76.7V448h-92.78V148.9h89.08v40.8h1.3c12.4-23.5 42.69-48.3 87.88-48.3 94 0 111.28 61.9 111.28 142.3V448z\"><\/path><\/svg><\/span><\/a>\n\n\n\n<a class=\"gb-button gb-button-a4a95286\" href=\"https:\/\/www.facebook.com\/szkoleniapzp\/?locale=pl_PL\" target=\"_blank\" rel=\"noopener noreferrer\"><span class=\"gb-icon\"><svg aria-hidden=\"true\" role=\"img\" height=\"1em\" width=\"1em\" viewBox=\"0 0 320 512\" xmlns=\"http:\/\/www.w3.org\/2000\/svg\"><path fill=\"currentColor\" d=\"M279.14 288l14.22-92.66h-88.91v-60.13c0-25.35 12.42-50.06 52.24-50.06h40.42V6.26S260.43 0 225.36 0c-73.22 0-121.08 44.38-121.08 124.72v70.62H22.89V288h81.39v224h100.17V288z\"><\/path><\/svg><\/span><\/a>\n\n<\/div>\n<\/div>\n<\/div>\n\n<div class=\"gb-container gb-container-a5f062ac\">\n\n<h2 class=\"gb-headline gb-headline-95a05a93 gb-headline-text\">Dowiedz si\u0119 jak mo\u017cemy ci pom\u00f3c<\/h2>\n\n\n\n<a class=\"gb-button gb-button-aa86cc95 gb-button-text button-effect\" href=\"https:\/\/lukaszmackiewicz.pl\/index.php\/zakres-uslug\/\">Zakres us\u0142ug<\/a>\n\n<\/div>","protected":false},"excerpt":{"rendered":"<p>mec. \u0141ukasz Mackiewicz Specjalista PZP Radca prawny specjalizuj\u0105cy si\u0119 w zam\u00f3wieniach publicznych, trener, doradca i wyk\u0142adowca studi\u00f3w podyplomowych z do\u015bwiadczeniem jako pracownik zamawiaj\u0105cego oraz kontroler zam\u00f3wie\u0144 publicznych. Dzi\u0119ki praktyce zawodowej posiada szerok\u0105 wiedz\u0119 nie tylko z zakresu przygotowania dokumentacji przetargowych oraz prowadzenia post\u0119powa\u0144 o udzielenie zam\u00f3wienia ale r\u00f3wnie\u017c z zakresu finansowania projekt\u00f3w infrastrukturalnych i \u015brodowiskowych, &#8230; <a title=\"O kacelarii\" class=\"read-more\" href=\"https:\/\/lukaszmackiewicz.pl\/index.php\/o-kancelarii\/\" aria-label=\"Read more about O kacelarii\">Read More<\/a><\/p>\n","protected":false},"author":1,"featured_media":0,"parent":0,"menu_order":0,"comment_status":"closed","ping_status":"closed","template":"","meta":{"footnotes":""},"class_list":["post-2075","page","type-page","status-publish"],"yoast_head":"<!-- This site is optimized with the Yoast SEO plugin v24.5 - https:\/\/yoast.com\/wordpress\/plugins\/seo\/ -->\n<title>O kacelarii - \u0141ukasz Mackiewicz<\/title>\n<meta name=\"description\" content=\"Poznaj nasz\u0105 kancelari\u0119 \u2013 Kancelaria Radcy Prawnego \u0141ukasza Mackiewicza specjalizuje si\u0119 w zam\u00f3wieniach publicznych. Oferujemy kompleksowe wsparcie prawne, doradztwo, opiniowanie dokumentacji oraz zast\u0119pstwo procesowe, zapewniaj\u0105c najwy\u017csz\u0105 jako\u015b\u0107 us\u0142ug i indywidualne podej\u015bcie do ka\u017cdego klienta.\" \/>\n<meta name=\"robots\" content=\"index, follow, max-snippet:-1, max-image-preview:large, max-video-preview:-1\" \/>\n<link rel=\"canonical\" href=\"https:\/\/lukaszmackiewicz.pl\/index.php\/o-kancelarii\/\" \/>\n<meta property=\"og:locale\" content=\"pl_PL\" \/>\n<meta property=\"og:type\" content=\"article\" \/>\n<meta property=\"og:title\" content=\"O kacelarii - \u0141ukasz Mackiewicz\" \/>\n<meta property=\"og:description\" content=\"Poznaj nasz\u0105 kancelari\u0119 \u2013 Kancelaria Radcy Prawnego \u0141ukasza Mackiewicza specjalizuje si\u0119 w zam\u00f3wieniach publicznych. Oferujemy kompleksowe wsparcie prawne, doradztwo, opiniowanie dokumentacji oraz zast\u0119pstwo procesowe, zapewniaj\u0105c najwy\u017csz\u0105 jako\u015b\u0107 us\u0142ug i indywidualne podej\u015bcie do ka\u017cdego klienta.\" \/>\n<meta property=\"og:url\" content=\"https:\/\/lukaszmackiewicz.pl\/index.php\/o-kancelarii\/\" \/>\n<meta property=\"og:site_name\" content=\"\u0141ukasz Mackiewicz\" \/>\n<meta property=\"article:publisher\" content=\"https:\/\/www.facebook.com\/szkoleniapzp\/?locale=pl_PL\" \/>\n<meta property=\"article:modified_time\" content=\"2024-12-09T18:53:45+00:00\" \/>\n<meta name=\"twitter:card\" content=\"summary_large_image\" \/>\n<meta name=\"twitter:label1\" content=\"Szacowany czas czytania\" \/>\n\t<meta name=\"twitter:data1\" content=\"1 minuta\" \/>\n<script type=\"application\/ld+json\" class=\"yoast-schema-graph\">{\"@context\":\"https:\/\/schema.org\",\"@graph\":[{\"@type\":\"WebPage\",\"@id\":\"https:\/\/lukaszmackiewicz.pl\/index.php\/o-kancelarii\/\",\"url\":\"https:\/\/lukaszmackiewicz.pl\/index.php\/o-kancelarii\/\",\"name\":\"O kacelarii - \u0141ukasz Mackiewicz\",\"isPartOf\":{\"@id\":\"https:\/\/lukaszmackiewicz.pl\/#website\"},\"datePublished\":\"2020-08-05T21:07:29+00:00\",\"dateModified\":\"2024-12-09T18:53:45+00:00\",\"description\":\"Poznaj nasz\u0105 kancelari\u0119 \u2013 Kancelaria Radcy Prawnego \u0141ukasza Mackiewicza specjalizuje si\u0119 w zam\u00f3wieniach publicznych. Oferujemy kompleksowe wsparcie prawne, doradztwo, opiniowanie dokumentacji oraz zast\u0119pstwo procesowe, zapewniaj\u0105c najwy\u017csz\u0105 jako\u015b\u0107 us\u0142ug i indywidualne podej\u015bcie do ka\u017cdego klienta.\",\"breadcrumb\":{\"@id\":\"https:\/\/lukaszmackiewicz.pl\/index.php\/o-kancelarii\/#breadcrumb\"},\"inLanguage\":\"pl-PL\",\"potentialAction\":[{\"@type\":\"ReadAction\",\"target\":[\"https:\/\/lukaszmackiewicz.pl\/index.php\/o-kancelarii\/\"]}]},{\"@type\":\"BreadcrumbList\",\"@id\":\"https:\/\/lukaszmackiewicz.pl\/index.php\/o-kancelarii\/#breadcrumb\",\"itemListElement\":[{\"@type\":\"ListItem\",\"position\":1,\"name\":\"Strona g\u0142\u00f3wna\",\"item\":\"https:\/\/lukaszmackiewicz.pl\/\"},{\"@type\":\"ListItem\",\"position\":2,\"name\":\"O kacelarii\"}]},{\"@type\":\"WebSite\",\"@id\":\"https:\/\/lukaszmackiewicz.pl\/#website\",\"url\":\"https:\/\/lukaszmackiewicz.pl\/\",\"name\":\"\u0141ukasz Mackiewicz - Kancelaria Radcy Prawnego Olsztyn\",\"description\":\"\",\"publisher\":{\"@id\":\"https:\/\/lukaszmackiewicz.pl\/#organization\"},\"potentialAction\":[{\"@type\":\"SearchAction\",\"target\":{\"@type\":\"EntryPoint\",\"urlTemplate\":\"https:\/\/lukaszmackiewicz.pl\/?s={search_term_string}\"},\"query-input\":{\"@type\":\"PropertyValueSpecification\",\"valueRequired\":true,\"valueName\":\"search_term_string\"}}],\"inLanguage\":\"pl-PL\"},{\"@type\":\"Organization\",\"@id\":\"https:\/\/lukaszmackiewicz.pl\/#organization\",\"name\":\"\u0141ukasz Mackiewicz - Kancelaria Radcy Prawnego Olsztyn\",\"url\":\"https:\/\/lukaszmackiewicz.pl\/\",\"logo\":{\"@type\":\"ImageObject\",\"inLanguage\":\"pl-PL\",\"@id\":\"https:\/\/lukaszmackiewicz.pl\/#\/schema\/logo\/image\/\",\"url\":\"https:\/\/lukaszmackiewicz.pl\/wp-content\/uploads\/2024\/12\/cropped-mackiewicz_logo_indeks.png\",\"contentUrl\":\"https:\/\/lukaszmackiewicz.pl\/wp-content\/uploads\/2024\/12\/cropped-mackiewicz_logo_indeks.png\",\"width\":339,\"height\":262,\"caption\":\"\u0141ukasz Mackiewicz - Kancelaria Radcy Prawnego Olsztyn\"},\"image\":{\"@id\":\"https:\/\/lukaszmackiewicz.pl\/#\/schema\/logo\/image\/\"},\"sameAs\":[\"https:\/\/www.facebook.com\/szkoleniapzp\/?locale=pl_PL\"]}]}<\/script>\n<!-- \/ Yoast SEO plugin. -->","yoast_head_json":{"title":"O kacelarii - \u0141ukasz Mackiewicz","description":"Poznaj nasz\u0105 kancelari\u0119 \u2013 Kancelaria Radcy Prawnego \u0141ukasza Mackiewicza specjalizuje si\u0119 w zam\u00f3wieniach publicznych. Oferujemy kompleksowe wsparcie prawne, doradztwo, opiniowanie dokumentacji oraz zast\u0119pstwo procesowe, zapewniaj\u0105c najwy\u017csz\u0105 jako\u015b\u0107 us\u0142ug i indywidualne podej\u015bcie do ka\u017cdego klienta.","robots":{"index":"index","follow":"follow","max-snippet":"max-snippet:-1","max-image-preview":"max-image-preview:large","max-video-preview":"max-video-preview:-1"},"canonical":"https:\/\/lukaszmackiewicz.pl\/index.php\/o-kancelarii\/","og_locale":"pl_PL","og_type":"article","og_title":"O kacelarii - \u0141ukasz Mackiewicz","og_description":"Poznaj nasz\u0105 kancelari\u0119 \u2013 Kancelaria Radcy Prawnego \u0141ukasza Mackiewicza specjalizuje si\u0119 w zam\u00f3wieniach publicznych. Oferujemy kompleksowe wsparcie prawne, doradztwo, opiniowanie dokumentacji oraz zast\u0119pstwo procesowe, zapewniaj\u0105c najwy\u017csz\u0105 jako\u015b\u0107 us\u0142ug i indywidualne podej\u015bcie do ka\u017cdego klienta.","og_url":"https:\/\/lukaszmackiewicz.pl\/index.php\/o-kancelarii\/","og_site_name":"\u0141ukasz Mackiewicz","article_publisher":"https:\/\/www.facebook.com\/szkoleniapzp\/?locale=pl_PL","article_modified_time":"2024-12-09T18:53:45+00:00","twitter_card":"summary_large_image","twitter_misc":{"Szacowany czas czytania":"1 minuta"},"schema":{"@context":"https:\/\/schema.org","@graph":[{"@type":"WebPage","@id":"https:\/\/lukaszmackiewicz.pl\/index.php\/o-kancelarii\/","url":"https:\/\/lukaszmackiewicz.pl\/index.php\/o-kancelarii\/","name":"O kacelarii - \u0141ukasz Mackiewicz","isPartOf":{"@id":"https:\/\/lukaszmackiewicz.pl\/#website"},"datePublished":"2020-08-05T21:07:29+00:00","dateModified":"2024-12-09T18:53:45+00:00","description":"Poznaj nasz\u0105 kancelari\u0119 \u2013 Kancelaria Radcy Prawnego \u0141ukasza Mackiewicza specjalizuje si\u0119 w zam\u00f3wieniach publicznych. Oferujemy kompleksowe wsparcie prawne, doradztwo, opiniowanie dokumentacji oraz zast\u0119pstwo procesowe, zapewniaj\u0105c najwy\u017csz\u0105 jako\u015b\u0107 us\u0142ug i indywidualne podej\u015bcie do ka\u017cdego klienta.","breadcrumb":{"@id":"https:\/\/lukaszmackiewicz.pl\/index.php\/o-kancelarii\/#breadcrumb"},"inLanguage":"pl-PL","potentialAction":[{"@type":"ReadAction","target":["https:\/\/lukaszmackiewicz.pl\/index.php\/o-kancelarii\/"]}]},{"@type":"BreadcrumbList","@id":"https:\/\/lukaszmackiewicz.pl\/index.php\/o-kancelarii\/#breadcrumb","itemListElement":[{"@type":"ListItem","position":1,"name":"Strona g\u0142\u00f3wna","item":"https:\/\/lukaszmackiewicz.pl\/"},{"@type":"ListItem","position":2,"name":"O kacelarii"}]},{"@type":"WebSite","@id":"https:\/\/lukaszmackiewicz.pl\/#website","url":"https:\/\/lukaszmackiewicz.pl\/","name":"\u0141ukasz Mackiewicz - Kancelaria Radcy Prawnego Olsztyn","description":"","publisher":{"@id":"https:\/\/lukaszmackiewicz.pl\/#organization"},"potentialAction":[{"@type":"SearchAction","target":{"@type":"EntryPoint","urlTemplate":"https:\/\/lukaszmackiewicz.pl\/?s={search_term_string}"},"query-input":{"@type":"PropertyValueSpecification","valueRequired":true,"valueName":"search_term_string"}}],"inLanguage":"pl-PL"},{"@type":"Organization","@id":"https:\/\/lukaszmackiewicz.pl\/#organization","name":"\u0141ukasz Mackiewicz - Kancelaria Radcy Prawnego Olsztyn","url":"https:\/\/lukaszmackiewicz.pl\/","logo":{"@type":"ImageObject","inLanguage":"pl-PL","@id":"https:\/\/lukaszmackiewicz.pl\/#\/schema\/logo\/image\/","url":"https:\/\/lukaszmackiewicz.pl\/wp-content\/uploads\/2024\/12\/cropped-mackiewicz_logo_indeks.png","contentUrl":"https:\/\/lukaszmackiewicz.pl\/wp-content\/uploads\/2024\/12\/cropped-mackiewicz_logo_indeks.png","width":339,"height":262,"caption":"\u0141ukasz Mackiewicz - Kancelaria Radcy Prawnego Olsztyn"},"image":{"@id":"https:\/\/lukaszmackiewicz.pl\/#\/schema\/logo\/image\/"},"sameAs":["https:\/\/www.facebook.com\/szkoleniapzp\/?locale=pl_PL"]}]}},"_links":{"self":[{"href":"https:\/\/lukaszmackiewicz.pl\/index.php\/wp-json\/wp\/v2\/pages\/2075","targetHints":{"allow":["GET"]}}],"collection":[{"href":"https:\/\/lukaszmackiewicz.pl\/index.php\/wp-json\/wp\/v2\/pages"}],"about":[{"href":"https:\/\/lukaszmackiewicz.pl\/index.php\/wp-json\/wp\/v2\/types\/page"}],"author":[{"embeddable":true,"href":"https:\/\/lukaszmackiewicz.pl\/index.php\/wp-json\/wp\/v2\/users\/1"}],"replies":[{"embeddable":true,"href":"https:\/\/lukaszmackiewicz.pl\/index.php\/wp-json\/wp\/v2\/comments?post=2075"}],"version-history":[{"count":11,"href":"https:\/\/lukaszmackiewicz.pl\/index.php\/wp-json\/wp\/v2\/pages\/2075\/revisions"}],"predecessor-version":[{"id":4347,"href":"https:\/\/lukaszmackiewicz.pl\/index.php\/wp-json\/wp\/v2\/pages\/2075\/revisions\/4347"}],"wp:attachment":[{"href":"https:\/\/lukaszmackiewicz.pl\/index.php\/wp-json\/wp\/v2\/media?parent=2075"}],"curies":[{"name":"wp","href":"https:\/\/api.w.org\/{rel}","templated":true}]}}