{"id":3,"date":"2024-12-07T15:51:27","date_gmt":"2024-12-07T15:51:27","guid":{"rendered":"http:\/\/lukaszmackiewicz2.piotrblaszczak.com\/?page_id=3"},"modified":"2024-12-16T11:19:12","modified_gmt":"2024-12-16T11:19:12","slug":"polityka-prywatnosci","status":"publish","type":"page","link":"https:\/\/lukaszmackiewicz.pl\/index.php\/polityka-prywatnosci\/","title":{"rendered":"Polityka prywatno\u015bci"},"content":{"rendered":"\n<h2 class=\"wp-block-heading\">Informacje og\u00f3lne<\/h2>\n\n\n\n<p>Niniejsza Polityka Prywatno\u015bci okre\u015bla zasady przetwarzania i ochrony danych osobowych<br>przekazanych przez U\u017cytkownik\u00f3w w zwi\u0105zku z korzystaniem przez nich z us\u0142ug lukaszmackiewicz.pl (dalej jako &#8222;Serwis&#8221;)<\/p>\n\n\n\n<h2 class=\"wp-block-heading\">Administrator danych osobowych<\/h2>\n\n\n\n<p>Administratorem danych osobowych zawartych w Serwisie jest <em>Kancelaria Radcy Prawnego \u0141ukasz Mackiewicz <\/em>z siedzib\u0105 na ulicy Mickiewicza 3\/2 Olsztyn, 10-548, NIP: 7411779158, REGON: 281567625, e-mail: mackiewicz@mpplegal.pl, tel.:<br>+48 881 787 687 (dalej jako &#8222;Administrator&#8221;).<\/p>\n\n\n\n<h2 class=\"wp-block-heading\">Cele i podstawy przetwarzania danych osobowych<\/h2>\n\n\n\n<p>Administrator przetwarza dane osobowe U\u017cytkownik\u00f3w Serwisu w nast\u0119puj\u0105cych celach:<br>a. Realizacja umowy o \u015bwiadczenie us\u0142ug drog\u0105 elektroniczn\u0105 (art. 6 ust. 1 lit. b RODO)<br>b. Marketing w\u0142asnych produkt\u00f3w lub us\u0142ug Administratora (art. 6 ust. 1 lit. f RODO)<br>c. Analiza ruchu w Serwisie, prowadzenie statystyk (art. 6 ust. 1 lit. f RODO)<\/p>\n\n\n\n<h2 class=\"wp-block-heading\">Okres przechowywania danych<\/h2>\n\n\n\n<p>Dane osobowe U\u017cytkownik\u00f3w b\u0119d\u0105 przechowywane przez okres:<br>a. W przypadku realizacji umowy &#8211; przez czas jej trwania i do czasu up\u0142ywu terminu<br>przedawnienia roszcze\u0144 wynikaj\u0105cych z tej umowy<br>b. W przypadku marketingu &#8211; do czasu wniesienia sprzeciwu wobec takiego<br>przetwarzania<br>c. W przypadku analiz i statystyk &#8211; do czasu wniesienia sprzeciwu wobec takiego<br>przetwarzania<strong class=\"privacy-policy-tutorial\"><\/strong><\/p>\n\n\n\n<h2 class=\"wp-block-heading\">Odbiorcy danych<\/h2>\n\n\n\n<p>Odbiorcami danych osobowych U\u017cytkownik\u00f3w mog\u0105 by\u0107:<br>a. Podmioty przetwarzaj\u0105ce dane na zlecenie Administratora, np. dostawcy us\u0142ug IT,<br>agencje marketingowe<br>b. Podmioty uprawnione do uzyskania danych na podstawie obowi\u0105zuj\u0105cego prawa,<br>np. s\u0105dy lub organy \u015bcigania<\/p>\n\n\n\n<h2 class=\"wp-block-heading\">Informacja o dobrowolno\u015bci podania danych<\/h2>\n\n\n\n<p>Podanie danych osobowych jest dobrowolne, ale mo\u017ce by\u0107 niezb\u0119dne do korzystania z<br>us\u0142ug Serwisu lub realizacji umowy.<\/p>\n\n\n\n<h2 class=\"wp-block-heading\">Pliki cookies<\/h2>\n\n\n\n<p>Ta strona internetowa, podobnie jak wiele innych, u\u017cywa plik\u00f3w cookies. Pliki cookies to kr\u00f3tkie informacje<br>tekstowe, zapisywane na urz\u0105dzeniu, z kt\u00f3rego korzystasz, przegl\u0105daj\u0105c strony internetowe. Mog\u0105 by\u0107 one<br>odczytywane przez nas (\u201ecookies w\u0142asne\u201d, kt\u00f3re wykorzystujemy w celu zapewnienia prawid\u0142owego dzia\u0142ania tej<br>strony, ulepszenia naszej oferty), a tak\u017ce przez systemy nale\u017c\u0105ce do innych podmiot\u00f3w, z kt\u00f3rych us\u0142ug korzystamy<br>(\u201ecookies zewn\u0119trzne\u201d). Pami\u0119taj, \u017ce masz prawo do zmiany ustawie\u0144 cookies z poziomu swojej przegl\u0105darki albo<br>do ich usuni\u0119cia.<br>Podczas pierwszej wizyty na stronie wy\u015bwietlana jest informacja na temat stosowania plik\u00f3w cookies.<br>Moja strona wykorzystuje nast\u0119puj\u0105ce technologie \u015bledz\u0105ce:<br>\u25cf narz\u0119dzia analityczne i marketingowe, takie jak: ManyChat, Google Analytics.<\/p>\n\n\n\n<h2 class=\"wp-block-heading\">Zabezpieczenie danych<\/h2>\n\n\n\n<p>Administrator stosuje odpowiednie \u015brodki techniczne i organizacyjne zapewniaj\u0105ce<br>bezpiecze\u0144stwo przetwarzanych danych osobowych adekwatne do zagro\u017ce\u0144 oraz kategorii<br>danych obj\u0119tych ochron\u0105.<\/p>\n","protected":false},"excerpt":{"rendered":"<p>Informacje og\u00f3lne Niniejsza Polityka Prywatno\u015bci okre\u015bla zasady przetwarzania i ochrony danych osobowychprzekazanych przez U\u017cytkownik\u00f3w w zwi\u0105zku z korzystaniem przez nich z us\u0142ug lukaszmackiewicz.pl (dalej jako &#8222;Serwis&#8221;) Administrator danych osobowych Administratorem danych osobowych zawartych w Serwisie jest Kancelaria Radcy Prawnego \u0141ukasz Mackiewicz z siedzib\u0105 na ulicy Mickiewicza 3\/2 Olsztyn, 10-548, NIP: 7411779158, REGON: 281567625, e-mail: mackiewicz@mpplegal.pl, &#8230; <a title=\"Polityka prywatno\u015bci\" class=\"read-more\" href=\"https:\/\/lukaszmackiewicz.pl\/index.php\/polityka-prywatnosci\/\" aria-label=\"Read more about Polityka prywatno\u015bci\">Read More<\/a><\/p>\n","protected":false},"author":1,"featured_media":0,"parent":0,"menu_order":0,"comment_status":"closed","ping_status":"closed","template":"","meta":{"footnotes":""},"class_list":["post-3","page","type-page","status-publish"],"yoast_head":"<!-- This site is optimized with the Yoast SEO plugin v24.5 - https:\/\/yoast.com\/wordpress\/plugins\/seo\/ -->\n<title>Polityka prywatno\u015bci - \u0141ukasz Mackiewicz<\/title>\n<meta name=\"robots\" content=\"noindex, follow\" \/>\n<meta property=\"og:locale\" content=\"pl_PL\" \/>\n<meta property=\"og:type\" content=\"article\" \/>\n<meta property=\"og:title\" content=\"Polityka prywatno\u015bci - \u0141ukasz Mackiewicz\" \/>\n<meta property=\"og:description\" content=\"Informacje og\u00f3lne Niniejsza Polityka Prywatno\u015bci okre\u015bla zasady przetwarzania i ochrony danych osobowychprzekazanych przez U\u017cytkownik\u00f3w w zwi\u0105zku z korzystaniem przez nich z us\u0142ug lukaszmackiewicz.pl (dalej jako &#8222;Serwis&#8221;) Administrator danych osobowych Administratorem danych osobowych zawartych w Serwisie jest Kancelaria Radcy Prawnego \u0141ukasz Mackiewicz z siedzib\u0105 na ulicy Mickiewicza 3\/2 Olsztyn, 10-548, NIP: 7411779158, REGON: 281567625, e-mail: mackiewicz@mpplegal.pl, ... Read More\" \/>\n<meta property=\"og:url\" content=\"https:\/\/lukaszmackiewicz.pl\/index.php\/polityka-prywatnosci\/\" \/>\n<meta property=\"og:site_name\" content=\"\u0141ukasz Mackiewicz\" \/>\n<meta property=\"article:publisher\" content=\"https:\/\/www.facebook.com\/szkoleniapzp\/?locale=pl_PL\" \/>\n<meta property=\"article:modified_time\" content=\"2024-12-16T11:19:12+00:00\" \/>\n<meta name=\"twitter:card\" content=\"summary_large_image\" \/>\n<meta name=\"twitter:label1\" content=\"Szacowany czas czytania\" \/>\n\t<meta name=\"twitter:data1\" content=\"3 minuty\" \/>\n<script type=\"application\/ld+json\" class=\"yoast-schema-graph\">{\"@context\":\"https:\/\/schema.org\",\"@graph\":[{\"@type\":\"WebPage\",\"@id\":\"https:\/\/lukaszmackiewicz.pl\/index.php\/polityka-prywatnosci\/\",\"url\":\"https:\/\/lukaszmackiewicz.pl\/index.php\/polityka-prywatnosci\/\",\"name\":\"Polityka prywatno\u015bci - \u0141ukasz Mackiewicz\",\"isPartOf\":{\"@id\":\"https:\/\/lukaszmackiewicz.pl\/#website\"},\"datePublished\":\"2024-12-07T15:51:27+00:00\",\"dateModified\":\"2024-12-16T11:19:12+00:00\",\"breadcrumb\":{\"@id\":\"https:\/\/lukaszmackiewicz.pl\/index.php\/polityka-prywatnosci\/#breadcrumb\"},\"inLanguage\":\"pl-PL\",\"potentialAction\":[{\"@type\":\"ReadAction\",\"target\":[\"https:\/\/lukaszmackiewicz.pl\/index.php\/polityka-prywatnosci\/\"]}]},{\"@type\":\"BreadcrumbList\",\"@id\":\"https:\/\/lukaszmackiewicz.pl\/index.php\/polityka-prywatnosci\/#breadcrumb\",\"itemListElement\":[{\"@type\":\"ListItem\",\"position\":1,\"name\":\"Strona g\u0142\u00f3wna\",\"item\":\"https:\/\/lukaszmackiewicz.pl\/\"},{\"@type\":\"ListItem\",\"position\":2,\"name\":\"Polityka prywatno\u015bci\"}]},{\"@type\":\"WebSite\",\"@id\":\"https:\/\/lukaszmackiewicz.pl\/#website\",\"url\":\"https:\/\/lukaszmackiewicz.pl\/\",\"name\":\"\u0141ukasz Mackiewicz - Kancelaria Radcy Prawnego Olsztyn\",\"description\":\"\",\"publisher\":{\"@id\":\"https:\/\/lukaszmackiewicz.pl\/#organization\"},\"potentialAction\":[{\"@type\":\"SearchAction\",\"target\":{\"@type\":\"EntryPoint\",\"urlTemplate\":\"https:\/\/lukaszmackiewicz.pl\/?s={search_term_string}\"},\"query-input\":{\"@type\":\"PropertyValueSpecification\",\"valueRequired\":true,\"valueName\":\"search_term_string\"}}],\"inLanguage\":\"pl-PL\"},{\"@type\":\"Organization\",\"@id\":\"https:\/\/lukaszmackiewicz.pl\/#organization\",\"name\":\"\u0141ukasz Mackiewicz - Kancelaria Radcy Prawnego Olsztyn\",\"url\":\"https:\/\/lukaszmackiewicz.pl\/\",\"logo\":{\"@type\":\"ImageObject\",\"inLanguage\":\"pl-PL\",\"@id\":\"https:\/\/lukaszmackiewicz.pl\/#\/schema\/logo\/image\/\",\"url\":\"https:\/\/lukaszmackiewicz.pl\/wp-content\/uploads\/2024\/12\/cropped-mackiewicz_logo_indeks.png\",\"contentUrl\":\"https:\/\/lukaszmackiewicz.pl\/wp-content\/uploads\/2024\/12\/cropped-mackiewicz_logo_indeks.png\",\"width\":339,\"height\":262,\"caption\":\"\u0141ukasz Mackiewicz - Kancelaria Radcy Prawnego Olsztyn\"},\"image\":{\"@id\":\"https:\/\/lukaszmackiewicz.pl\/#\/schema\/logo\/image\/\"},\"sameAs\":[\"https:\/\/www.facebook.com\/szkoleniapzp\/?locale=pl_PL\"]}]}<\/script>\n<!-- \/ Yoast SEO plugin. -->","yoast_head_json":{"title":"Polityka prywatno\u015bci - \u0141ukasz Mackiewicz","robots":{"index":"noindex","follow":"follow"},"og_locale":"pl_PL","og_type":"article","og_title":"Polityka prywatno\u015bci - \u0141ukasz Mackiewicz","og_description":"Informacje og\u00f3lne Niniejsza Polityka Prywatno\u015bci okre\u015bla zasady przetwarzania i ochrony danych osobowychprzekazanych przez U\u017cytkownik\u00f3w w zwi\u0105zku z korzystaniem przez nich z us\u0142ug lukaszmackiewicz.pl (dalej jako &#8222;Serwis&#8221;) Administrator danych osobowych Administratorem danych osobowych zawartych w Serwisie jest Kancelaria Radcy Prawnego \u0141ukasz Mackiewicz z siedzib\u0105 na ulicy Mickiewicza 3\/2 Olsztyn, 10-548, NIP: 7411779158, REGON: 281567625, e-mail: mackiewicz@mpplegal.pl, ... Read More","og_url":"https:\/\/lukaszmackiewicz.pl\/index.php\/polityka-prywatnosci\/","og_site_name":"\u0141ukasz Mackiewicz","article_publisher":"https:\/\/www.facebook.com\/szkoleniapzp\/?locale=pl_PL","article_modified_time":"2024-12-16T11:19:12+00:00","twitter_card":"summary_large_image","twitter_misc":{"Szacowany czas czytania":"3 minuty"},"schema":{"@context":"https:\/\/schema.org","@graph":[{"@type":"WebPage","@id":"https:\/\/lukaszmackiewicz.pl\/index.php\/polityka-prywatnosci\/","url":"https:\/\/lukaszmackiewicz.pl\/index.php\/polityka-prywatnosci\/","name":"Polityka prywatno\u015bci - \u0141ukasz Mackiewicz","isPartOf":{"@id":"https:\/\/lukaszmackiewicz.pl\/#website"},"datePublished":"2024-12-07T15:51:27+00:00","dateModified":"2024-12-16T11:19:12+00:00","breadcrumb":{"@id":"https:\/\/lukaszmackiewicz.pl\/index.php\/polityka-prywatnosci\/#breadcrumb"},"inLanguage":"pl-PL","potentialAction":[{"@type":"ReadAction","target":["https:\/\/lukaszmackiewicz.pl\/index.php\/polityka-prywatnosci\/"]}]},{"@type":"BreadcrumbList","@id":"https:\/\/lukaszmackiewicz.pl\/index.php\/polityka-prywatnosci\/#breadcrumb","itemListElement":[{"@type":"ListItem","position":1,"name":"Strona g\u0142\u00f3wna","item":"https:\/\/lukaszmackiewicz.pl\/"},{"@type":"ListItem","position":2,"name":"Polityka prywatno\u015bci"}]},{"@type":"WebSite","@id":"https:\/\/lukaszmackiewicz.pl\/#website","url":"https:\/\/lukaszmackiewicz.pl\/","name":"\u0141ukasz Mackiewicz - Kancelaria Radcy Prawnego Olsztyn","description":"","publisher":{"@id":"https:\/\/lukaszmackiewicz.pl\/#organization"},"potentialAction":[{"@type":"SearchAction","target":{"@type":"EntryPoint","urlTemplate":"https:\/\/lukaszmackiewicz.pl\/?s={search_term_string}"},"query-input":{"@type":"PropertyValueSpecification","valueRequired":true,"valueName":"search_term_string"}}],"inLanguage":"pl-PL"},{"@type":"Organization","@id":"https:\/\/lukaszmackiewicz.pl\/#organization","name":"\u0141ukasz Mackiewicz - Kancelaria Radcy Prawnego Olsztyn","url":"https:\/\/lukaszmackiewicz.pl\/","logo":{"@type":"ImageObject","inLanguage":"pl-PL","@id":"https:\/\/lukaszmackiewicz.pl\/#\/schema\/logo\/image\/","url":"https:\/\/lukaszmackiewicz.pl\/wp-content\/uploads\/2024\/12\/cropped-mackiewicz_logo_indeks.png","contentUrl":"https:\/\/lukaszmackiewicz.pl\/wp-content\/uploads\/2024\/12\/cropped-mackiewicz_logo_indeks.png","width":339,"height":262,"caption":"\u0141ukasz Mackiewicz - Kancelaria Radcy Prawnego Olsztyn"},"image":{"@id":"https:\/\/lukaszmackiewicz.pl\/#\/schema\/logo\/image\/"},"sameAs":["https:\/\/www.facebook.com\/szkoleniapzp\/?locale=pl_PL"]}]}},"_links":{"self":[{"href":"https:\/\/lukaszmackiewicz.pl\/index.php\/wp-json\/wp\/v2\/pages\/3","targetHints":{"allow":["GET"]}}],"collection":[{"href":"https:\/\/lukaszmackiewicz.pl\/index.php\/wp-json\/wp\/v2\/pages"}],"about":[{"href":"https:\/\/lukaszmackiewicz.pl\/index.php\/wp-json\/wp\/v2\/types\/page"}],"author":[{"embeddable":true,"href":"https:\/\/lukaszmackiewicz.pl\/index.php\/wp-json\/wp\/v2\/users\/1"}],"replies":[{"embeddable":true,"href":"https:\/\/lukaszmackiewicz.pl\/index.php\/wp-json\/wp\/v2\/comments?post=3"}],"version-history":[{"count":5,"href":"https:\/\/lukaszmackiewicz.pl\/index.php\/wp-json\/wp\/v2\/pages\/3\/revisions"}],"predecessor-version":[{"id":4355,"href":"https:\/\/lukaszmackiewicz.pl\/index.php\/wp-json\/wp\/v2\/pages\/3\/revisions\/4355"}],"wp:attachment":[{"href":"https:\/\/lukaszmackiewicz.pl\/index.php\/wp-json\/wp\/v2\/media?parent=3"}],"curies":[{"name":"wp","href":"https:\/\/api.w.org\/{rel}","templated":true}]}}